{"id":17,"date":"2020-09-15T19:01:23","date_gmt":"2020-09-15T17:01:23","guid":{"rendered":"http:\/\/www.nzozlitewska.pl\/?page_id=17"},"modified":"2025-10-28T20:31:51","modified_gmt":"2025-10-28T19:31:51","slug":"zespol","status":"publish","type":"page","link":"https:\/\/www.nzozlitewska.pl\/index.php\/zespol\/","title":{"rendered":"Zesp\u00f3\u0142"},"content":{"rendered":"\n<div class=\"su-accordion su-u-trim\"> <div class=\"su-spoiler su-spoiler-style-default su-spoiler-icon-chevron litewska-spoiler su-spoiler-closed\" data-scroll-offset=\"0\" data-anchor-in-url=\"no\"><div class=\"su-spoiler-title\" tabindex=\"0\" role=\"button\"><span class=\"su-spoiler-icon\"><\/span>Alina Heller-Gosty\u0144ska<\/div><div class=\"su-spoiler-content su-u-clearfix su-u-trim\"> <div class=\"su-tabs su-tabs-style-default su-tabs-mobile-stack litewska-tabs\" data-active=\"1\" data-scroll-offset=\"0\" data-anchor-in-url=\"no\"><div class=\"su-tabs-nav\"><span class=\"\" data-url=\"\" data-target=\"blank\" tabindex=\"0\" role=\"button\">Informacje og\u00f3lne<\/span><\/div><div class=\"su-tabs-panes\"><div class=\"su-tabs-pane su-u-clearfix su-u-trim\" data-title=\"Informacje og\u00f3lne\">\n<div style=\"display: grid;\">\n<div><img loading=\"lazy\" class=\"alignleft size-medium wp-image-135\" src=\"https:\/\/www.nzozlitewska.pl\/wp-content\/uploads\/2020\/09\/Alina-Heller-Gostynska.jpg\" alt=\"\" width=\"300\" height=\"300\"><p style=\"text-align: justify; text-indent: 40px;\">Psycholog, certyfikowany specjalista psychoterapii uzale\u017cnie\u0144, kierownik poradni. Posiada wieloletnie do\u015bwiadczenie w diagnozowaniu i terapii os\u00f3b uzale\u017cnionych i ich bliskich. Pracuje w podej\u015bciu behawioralno-poznawczym. Przez wiele lat prowadzi\u0142a wyk\u0142ady dla r\u00f3\u017cnych grup zawodowych z problematyki uzale\u017cnie\u0144. W naszej poradni stworzy\u0142a autorski program &#8220;rozwoju osobistego&#8221;.<\/p><\/div>\n<\/div>\n<\/div><\/div><\/div> <\/div><\/div> <div class=\"su-spoiler su-spoiler-style-default su-spoiler-icon-chevron litewska-spoiler su-spoiler-closed\" data-scroll-offset=\"0\" data-anchor-in-url=\"no\"><div class=\"su-spoiler-title\" tabindex=\"0\" role=\"button\"><span class=\"su-spoiler-icon\"><\/span>Radomir Molenda<\/div><div class=\"su-spoiler-content su-u-clearfix su-u-trim\"> <div class=\"su-tabs su-tabs-style-default su-tabs-mobile-stack litewska-tabs\" data-active=\"1\" data-scroll-offset=\"0\" data-anchor-in-url=\"no\"><div class=\"su-tabs-nav\"><span class=\"\" data-url=\"\" data-target=\"blank\" tabindex=\"0\" role=\"button\">Informacje og\u00f3lne<\/span><\/div><div class=\"su-tabs-panes\"><div class=\"su-tabs-pane su-u-clearfix su-u-trim\" data-title=\"Informacje og\u00f3lne\">\n<div style=\"display: grid;\">\n<div><img loading=\"lazy\" class=\"alignleft size-medium wp-image-135\" src=\"https:\/\/www.nzozlitewska.pl\/wp-content\/uploads\/2020\/10\/RadekMolenda.jpg\" alt=\"\" width=\"300\" height=\"300\"><p style=\"text-align: justify; text-indent: 40px;\">Psycholog, certyfikowany specjalista psychoterapii uzale\u017cnie\u0144. Uko\u0144czy\u0142 psychologi\u0119 na UAM w Poznaniu. Posiada akredytowany przez Pa\u0144stwow\u0105 Agencj\u0119 Rozwi\u0105zywania Problem\u00f3w Alkoholowych certyfikat specjalisty psychoterapii uzale\u017cnie\u0144. Absolwent zgodnego z rozporz\u0105dzeniem Ministra Zdrowia programu szkolenia w zakresie specjalizacji leczenia uzale\u017cnie\u0144 i wsp\u00f3\u0142uzale\u017cnienia oraz uczestnik licznych szkole\u0144 w zakresie terapii os\u00f3b uzale\u017cnionych, wsp\u00f3\u0142uzale\u017cnionych i DDA. Posiada certyfikat psychoterapii uzale\u017cnie\u0144. W poradni prowadzi psychoterapi\u0119 indywidualn\u0105 i grupow\u0105 os\u00f3b uzale\u017cnionych i ich rodzin. Pracuje w nurcie behawioralno \u2013 poznawczym. Prac\u0119 terapeutyczn\u0105 poddaje regularnej superwizji.<\/p><\/div>\n<\/div>\n<\/div><\/div><\/div> <\/div><\/div> <div class=\"su-spoiler su-spoiler-style-default su-spoiler-icon-chevron litewska-spoiler su-spoiler-closed\" data-scroll-offset=\"0\" data-anchor-in-url=\"no\"><div class=\"su-spoiler-title\" tabindex=\"0\" role=\"button\"><span class=\"su-spoiler-icon\"><\/span>Maria Renz-Ko\u0142akowska<\/div><div class=\"su-spoiler-content su-u-clearfix su-u-trim\"> <div class=\"su-tabs su-tabs-style-default su-tabs-mobile-stack litewska-tabs\" data-active=\"1\" data-scroll-offset=\"0\" data-anchor-in-url=\"no\"><div class=\"su-tabs-nav\"><span class=\"\" data-url=\"\" data-target=\"blank\" tabindex=\"0\" role=\"button\">Informacje og\u00f3lne<\/span><\/div><div class=\"su-tabs-panes\"><div class=\"su-tabs-pane su-u-clearfix su-u-trim\" data-title=\"Informacje og\u00f3lne\">\n<div style=\"display: grid;\">\n<div><img loading=\"lazy\" class=\"alignleft size-medium wp-image-135\" src=\"https:\/\/www.nzozlitewska.pl\/wp-content\/uploads\/2020\/09\/Maria-Renz-Kolakowska.jpg\" alt=\"\" width=\"300\" height=\"300\"><p style=\"text-align: justify; text-indent: 40px;\">Psycholog, specjalista psychoterapeuta uzale\u017cnie\u0144. Pracuje w zawodzie od 1983 roku, zajmuje si\u0119 w terapii indywidualnej pomaganiem osobom uzale\u017cnionym od alkoholu i rodzinom z problemem alkoholowym, prowadzi terapi\u0119 grupow\u0105 dla os\u00f3b z rodzin z problemem alkoholowym.<\/p><\/div>\n<\/div>\n<\/div><\/div><\/div> <\/div><\/div> <div class=\"su-spoiler su-spoiler-style-default su-spoiler-icon-chevron litewska-spoiler su-spoiler-closed\" data-scroll-offset=\"0\" data-anchor-in-url=\"no\"><div class=\"su-spoiler-title\" tabindex=\"0\" role=\"button\"><span class=\"su-spoiler-icon\"><\/span>Malwina Pilarczyk<\/div><div class=\"su-spoiler-content su-u-clearfix su-u-trim\"> <div class=\"su-tabs su-tabs-style-default su-tabs-mobile-stack litewska-tabs\" data-active=\"1\" data-scroll-offset=\"0\" data-anchor-in-url=\"no\"><div class=\"su-tabs-nav\"><span class=\"\" data-url=\"\" data-target=\"blank\" tabindex=\"0\" role=\"button\">Informacje og\u00f3lne<\/span><\/div><div class=\"su-tabs-panes\"><div class=\"su-tabs-pane su-u-clearfix su-u-trim\" data-title=\"Informacje og\u00f3lne\">\n<div style=\"display: grid;\">\n<div><img loading=\"lazy\" class=\"alignleft size-medium wp-image-135\" src=\"https:\/\/www.nzozlitewska.pl\/wp-content\/uploads\/2020\/09\/Malwina-Pilarczyk_fit.jpg\" alt=\"\" width=\"300\" height=\"300\"><p style=\"text-align: justify; text-indent: 40px;\">Psycholog, certyfikowany specjalista psychoterapii uzale\u017cnie\u0144. Absolwentka psychologii Uniwersytetu im. A. Mickiewicza w Poznaniu, uko\u0144czy\u0142a szkolenie Studium Terapii Uzale\u017cnie\u0144 i Wsp\u00f3\u0142uzale\u017cnienia w Instytucie Psychologii Zdrowia w Warszawie. Do\u015bwiadczenie zawodowe zdobywa\u0142a podczas sta\u017c\u00f3w w Poradniach Leczenia Uzale\u017cnie\u0144 i Wsp\u00f3\u0142uzale\u017cnienia w Poznaniu oraz na oddziale toksykologii w Szpitalu Miejskim im. Franciszka Raszei w Poznaniu. Pracuje z osobami i rodzinami w kryzysie lub stanie przedkryzysowym. W poradni prowadzi terapi\u0119 indywidualn\u0105 i grupow\u0105 os\u00f3b uzale\u017cnionych oraz ich rodzin. Swoj\u0105 prac\u0119 poddaje regularnej superwizji.<\/p><\/div>\n<\/div>\n<\/div><\/div><\/div> <\/div><\/div> <div class=\"su-spoiler su-spoiler-style-default su-spoiler-icon-chevron litewska-spoiler su-spoiler-closed\" data-scroll-offset=\"0\" data-anchor-in-url=\"no\"><div class=\"su-spoiler-title\" tabindex=\"0\" role=\"button\"><span class=\"su-spoiler-icon\"><\/span>Agata Winiarz<\/div><div class=\"su-spoiler-content su-u-clearfix su-u-trim\"> <div class=\"su-tabs su-tabs-style-default su-tabs-mobile-stack litewska-tabs\" data-active=\"1\" data-scroll-offset=\"0\" data-anchor-in-url=\"no\"><div class=\"su-tabs-nav\"><span class=\"\" data-url=\"\" data-target=\"blank\" tabindex=\"0\" role=\"button\">Informacje og\u00f3lne<\/span><\/div><div class=\"su-tabs-panes\"><div class=\"su-tabs-pane su-u-clearfix su-u-trim\" data-title=\"Informacje og\u00f3lne\">\n<div style=\"display: grid;\">\n<div><img loading=\"lazy\" class=\"alignleft size-medium wp-image-135\" src=\"https:\/\/www.nzozlitewska.pl\/wp-content\/uploads\/2022\/09\/AgataWiniarz300.png\" alt=\"\" width=\"300\" height=\"300\"><p style=\"text-align: justify; text-indent: 40px;\">Psycholog, pedagog, specjalista psychoterapii uzale\u017cnie\u0144 w trakcie procesu certyfikacji. Psychoterapeuta w trakcie szkolenia czteroletniego w Polskim Instytucie Ericksonowskim.<\/p><\/div>\n<\/div>\n<\/div><\/div><\/div> <\/div><\/div> <div class=\"su-spoiler su-spoiler-style-default su-spoiler-icon-chevron litewska-spoiler su-spoiler-closed\" data-scroll-offset=\"0\" data-anchor-in-url=\"no\"><div class=\"su-spoiler-title\" tabindex=\"0\" role=\"button\"><span class=\"su-spoiler-icon\"><\/span>Maciej Wilczy\u0144ski<\/div><div class=\"su-spoiler-content su-u-clearfix su-u-trim\"> <div class=\"su-tabs su-tabs-style-default su-tabs-mobile-stack litewska-tabs\" data-active=\"1\" data-scroll-offset=\"0\" data-anchor-in-url=\"no\"><div class=\"su-tabs-nav\"><span class=\"\" data-url=\"\" data-target=\"blank\" tabindex=\"0\" role=\"button\">Informacje og\u00f3lne<\/span><\/div><div class=\"su-tabs-panes\"><div class=\"su-tabs-pane su-u-clearfix su-u-trim\" data-title=\"Informacje og\u00f3lne\">\n<div style=\"display: grid;\">\n<div><img loading=\"lazy\" class=\"alignleft size-medium wp-image-135\" src=\"https:\/\/www.nzozlitewska.pl\/wp-content\/uploads\/2020\/09\/user-2517430_640-300x300-1.png\" alt=\"\" width=\"300\" height=\"300\"><p style=\"text-align: justify; text-indent: 40px;\">Lekarz specjalista z zakresu psychiatrii.<\/p><\/div>\n<\/div>\n<\/div><\/div><\/div> <\/div><\/div> <div class=\"su-spoiler su-spoiler-style-default su-spoiler-icon-chevron litewska-spoiler su-spoiler-closed\" data-scroll-offset=\"0\" data-anchor-in-url=\"no\"><div class=\"su-spoiler-title\" tabindex=\"0\" role=\"button\"><span class=\"su-spoiler-icon\"><\/span>Jakub R\u00f3g-Mazurek<\/div><div class=\"su-spoiler-content su-u-clearfix su-u-trim\"> <div class=\"su-tabs su-tabs-style-default su-tabs-mobile-stack litewska-tabs\" data-active=\"1\" data-scroll-offset=\"0\" data-anchor-in-url=\"no\"><div class=\"su-tabs-nav\"><span class=\"\" data-url=\"\" data-target=\"blank\" tabindex=\"0\" role=\"button\">Informacje og\u00f3lne<\/span><\/div><div class=\"su-tabs-panes\"><div class=\"su-tabs-pane su-u-clearfix su-u-trim\" data-title=\"Informacje og\u00f3lne\">\n<div style=\"display: grid;\">\n<div><img loading=\"lazy\" class=\"alignleft size-medium wp-image-135\" src=\"https:\/\/www.nzozlitewska.pl\/wp-content\/uploads\/2025\/10\/Jakub-Rog-Mazurek.jpeg\" alt=\"\" width=\"300\" height=\"300\"><p style=\"text-align: justify; text-indent: 40px;\">Jestem psychologiem, psychoterapeut\u0105 i  specjalist\u0105 psychoterapii uzale\u017cnie\u0144 w trakcie procesu certyfikacji. Pracuj\u0119 z osobami doros\u0142ymi i nastolatkami do\u015bwiadczaj\u0105cymi kryzys\u00f3w emocjonalnych, trudno\u015bci w relacjach, a tak\u017ce problemu uzale\u017cnienia i wsp\u00f3\u0142uzale\u017cnienia. W pracy z pacjentami \u2013 zar\u00f3wno m\u0142odzie\u017c\u0105, jak i doros\u0142ymi \u2013 kluczowa jest dla mnie relacja oparta na empatii. Dzi\u0119ki niej mo\u017cliwe staje si\u0119 zrozumienie \u017ar\u00f3de\u0142 cierpienia, odkrycie nie\u015bwiadomych sposob\u00f3w radzenia sobie oraz uruchomienie proces\u00f3w prowadz\u0105cych do zmiany. Pracuj\u0119 w nurcie psychodynamicznym.<\/p><\/div>\n<\/div>\n<\/div><\/div><\/div> <\/div><\/div><div class=\"su-spoiler su-spoiler-style-default su-spoiler-icon-chevron litewska-spoiler su-spoiler-closed\" data-scroll-offset=\"0\" data-anchor-in-url=\"no\"><div class=\"su-spoiler-title\" tabindex=\"0\" role=\"button\"><span class=\"su-spoiler-icon\"><\/span>Maria Abramowicz<\/div><div class=\"su-spoiler-content su-u-clearfix su-u-trim\"> <div class=\"su-tabs su-tabs-style-default su-tabs-mobile-stack litewska-tabs\" data-active=\"1\" data-scroll-offset=\"0\" data-anchor-in-url=\"no\"><div class=\"su-tabs-nav\"><span class=\"\" data-url=\"\" data-target=\"blank\" tabindex=\"0\" role=\"button\">Informacje og\u00f3lne<\/span><\/div><div class=\"su-tabs-panes\"><div class=\"su-tabs-pane su-u-clearfix su-u-trim\" data-title=\"Informacje og\u00f3lne\">\n<div style=\"display: grid;\">\n<div><img loading=\"lazy\" class=\"alignleft size-medium wp-image-135\" src=\"https:\/\/www.nzozlitewska.pl\/wp-content\/uploads\/2020\/09\/user-2517430_640-300x300-1.png\" alt=\"\" width=\"300\" height=\"300\"><p style=\"text-align: justify; text-indent: 40px;\">Lekarz specjalista z zakresu psychiatrii.<\/p><\/div>\n<\/div>\n<\/div><\/div><\/div> <\/div><\/div><\/div>\n\n\n\n<p><\/p>\n","protected":false},"excerpt":{"rendered":"","protected":false},"author":1,"featured_media":0,"parent":0,"menu_order":0,"comment_status":"closed","ping_status":"closed","template":"","meta":[],"yoast_head":"<!-- This site is optimized with the Yoast SEO plugin v14.9 - https:\/\/yoast.com\/wordpress\/plugins\/seo\/ -->\n<title>Zesp\u00f3\u0142 - NZOZ Litewska<\/title>\n<meta name=\"description\" content=\"Na podstronie Zesp\u00f3\u0142 znajd\u0105 Pa\u0144stwo podstawowe informacje o psychologach i lekarzach przyjmuj\u0105cych w naszej przychodni.\" \/>\n<meta name=\"robots\" content=\"index, follow, max-snippet:-1, max-image-preview:large, max-video-preview:-1\" \/>\n<link rel=\"canonical\" href=\"https:\/\/www.nzozlitewska.pl\/index.php\/zespol\/\" \/>\n<meta property=\"og:locale\" content=\"pl_PL\" \/>\n<meta property=\"og:type\" content=\"article\" \/>\n<meta property=\"og:title\" content=\"Zesp\u00f3\u0142 - NZOZ Litewska\" \/>\n<meta property=\"og:description\" content=\"Na podstronie Zesp\u00f3\u0142 znajd\u0105 Pa\u0144stwo podstawowe informacje o psychologach i lekarzach przyjmuj\u0105cych w naszej przychodni.\" \/>\n<meta property=\"og:url\" content=\"https:\/\/www.nzozlitewska.pl\/index.php\/zespol\/\" \/>\n<meta property=\"og:site_name\" content=\"NZOZ Litewska\" \/>\n<meta property=\"article:publisher\" content=\"https:\/\/www.facebook.com\/Poradnia-Leczenia-Uzale%c5%bcnie%c5%84-i-Wsp%c3%b3%c5%82uzale%c5%bcnienia-NZOZ-Litewska-106402177881265\/\" \/>\n<meta property=\"article:modified_time\" content=\"2025-10-28T19:31:51+00:00\" \/>\n<meta property=\"og:image\" content=\"https:\/\/www.nzozlitewska.pl\/wp-content\/uploads\/2020\/09\/Alina-Heller-Gostynska.jpg\" \/>\n<meta name=\"twitter:card\" content=\"summary_large_image\" \/>\n<script type=\"application\/ld+json\" class=\"yoast-schema-graph\">{\"@context\":\"https:\/\/schema.org\",\"@graph\":[{\"@type\":\"WebSite\",\"@id\":\"https:\/\/www.nzozlitewska.pl\/#website\",\"url\":\"https:\/\/www.nzozlitewska.pl\/\",\"name\":\"NZOZ Litewska\",\"description\":\"Niepubliczny Zak\\u0142ad Opieki Zdrowotnej Poradnia Leczenia Uzale\\u017cnie\\u0144 i Wsp\\u00f3\\u0142uzale\\u017cnienia\",\"potentialAction\":[{\"@type\":\"SearchAction\",\"target\":\"https:\/\/www.nzozlitewska.pl\/?s={search_term_string}\",\"query-input\":\"required name=search_term_string\"}],\"inLanguage\":\"pl-PL\"},{\"@type\":\"ImageObject\",\"@id\":\"https:\/\/www.nzozlitewska.pl\/index.php\/zespol\/#primaryimage\",\"inLanguage\":\"pl-PL\",\"url\":\"https:\/\/www.nzozlitewska.pl\/wp-content\/uploads\/2020\/09\/Alina-Heller-Gostynska.jpg\",\"width\":1198,\"height\":1198},{\"@type\":\"WebPage\",\"@id\":\"https:\/\/www.nzozlitewska.pl\/index.php\/zespol\/#webpage\",\"url\":\"https:\/\/www.nzozlitewska.pl\/index.php\/zespol\/\",\"name\":\"Zesp\\u00f3\\u0142 - NZOZ Litewska\",\"isPartOf\":{\"@id\":\"https:\/\/www.nzozlitewska.pl\/#website\"},\"primaryImageOfPage\":{\"@id\":\"https:\/\/www.nzozlitewska.pl\/index.php\/zespol\/#primaryimage\"},\"datePublished\":\"2020-09-15T17:01:23+00:00\",\"dateModified\":\"2025-10-28T19:31:51+00:00\",\"description\":\"Na podstronie Zesp\\u00f3\\u0142 znajd\\u0105 Pa\\u0144stwo podstawowe informacje o psychologach i lekarzach przyjmuj\\u0105cych w naszej przychodni.\",\"inLanguage\":\"pl-PL\",\"potentialAction\":[{\"@type\":\"ReadAction\",\"target\":[\"https:\/\/www.nzozlitewska.pl\/index.php\/zespol\/\"]}]}]}<\/script>\n<!-- \/ Yoast SEO plugin. -->","_links":{"self":[{"href":"https:\/\/www.nzozlitewska.pl\/index.php\/wp-json\/wp\/v2\/pages\/17"}],"collection":[{"href":"https:\/\/www.nzozlitewska.pl\/index.php\/wp-json\/wp\/v2\/pages"}],"about":[{"href":"https:\/\/www.nzozlitewska.pl\/index.php\/wp-json\/wp\/v2\/types\/page"}],"author":[{"embeddable":true,"href":"https:\/\/www.nzozlitewska.pl\/index.php\/wp-json\/wp\/v2\/users\/1"}],"replies":[{"embeddable":true,"href":"https:\/\/www.nzozlitewska.pl\/index.php\/wp-json\/wp\/v2\/comments?post=17"}],"version-history":[{"count":26,"href":"https:\/\/www.nzozlitewska.pl\/index.php\/wp-json\/wp\/v2\/pages\/17\/revisions"}],"predecessor-version":[{"id":268,"href":"https:\/\/www.nzozlitewska.pl\/index.php\/wp-json\/wp\/v2\/pages\/17\/revisions\/268"}],"wp:attachment":[{"href":"https:\/\/www.nzozlitewska.pl\/index.php\/wp-json\/wp\/v2\/media?parent=17"}],"curies":[{"name":"wp","href":"https:\/\/api.w.org\/{rel}","templated":true}]}}